{"id":47,"date":"2014-12-30T01:07:10","date_gmt":"2014-12-30T00:07:10","guid":{"rendered":"http:\/\/pubweb.carnet.hr\/kkstenjevec\/?page_id=47"},"modified":"2022-11-05T11:35:00","modified_gmt":"2022-11-05T10:35:00","slug":"o-klubu","status":"publish","type":"page","link":"https:\/\/kkstenjevec.hr\/?page_id=47","title":{"rendered":"Klub"},"content":{"rendered":"<h2><strong><span style=\"color: #000000;font-family: 'Georgia','serif';font-size: 10pt\">O KLUBU:<\/span><\/strong><\/h2>\n<p><a href=\"http:\/\/pubweb.carnet.hr\/kkstenjevec\/wp-content\/uploads\/sites\/396\/2014\/12\/logoTR1-e1419975341601.jpg\"><img loading=\"lazy\" decoding=\"async\" class=\"alignleft wp-image-37 size-full\" src=\"http:\/\/pubweb.carnet.hr\/kkstenjevec\/wp-content\/uploads\/sites\/396\/2014\/12\/logoTR1-e1419975341601.jpg\" alt=\"logo\" width=\"100\" height=\"124\" \/><\/a><\/p>\n<p>&nbsp;<\/p>\n<p><span style=\"color: #000000;font-family: 'Verdana','serif';font-size: 9pt\">K.K.STENJEVEC osnovan je 03. travnja 2000 godine u Zagrebu, Samoborska cesta 71a. Klub okuplja \u00a0sve uzraste od cicibana do seniora, treninzi se odvijaju svaki dan osim subote i nedjelje.<br \/>\nK.K.STENJEVEC od osnivanja \u010dlan je Zagreba\u010dkog karate saveza, a od 2002 godine i Hrvatskog karate saveza.<\/span><\/p>\n<h3><strong><span style=\"color: #000000;font-family: 'Georgia','serif';font-size: 10pt\">RAD KLUBA I CILJEVI:<\/span><\/strong><\/h3>\n<ul>\n<li style=\"text-align: justify\"><span style=\"color: #000000;font-family: 'Verdana','serif';font-size: 9pt\">Okupljanje \u0161to ve\u0107eg broja djece, upoznavanje i u\u010denje karate vje\u0161tine.<\/span><\/li>\n<li style=\"text-align: justify\"><span style=\"color: #000000;font-family: 'Verdana','serif';font-size: 9pt\"><span style=\"font-size: small\">Organizirano,stru\u010dno treniranje, pove\u0107anje psihofizi\u010dkih i mentalnih sposobnosti \u010dlanova kluba.<\/span><\/span><\/li>\n<li style=\"text-align: justify\"><span style=\"color: #000000;font-family: 'Verdana','serif';font-size: 9pt\"><span style=\"font-size: small\">Inzistiranje na osnovnim moralnim i eti\u010dkim na\u010delima pona\u0161anja, neophodnim za normalan, kvalitetan i zdrav \u017eivot.<\/span><\/span><\/li>\n<li style=\"text-align: justify\"><span style=\"color: #000000;font-family: 'Verdana','serif';font-size: 9pt\"><span style=\"font-size: small\">Natjecanje na nivou grada, \u017eupanije, dr\u017eave, ostvarenje \u0161to boljih rezultata, s tim da su osvojene medalje rad svakog pojedinca,\u00a0kluba, a ne \u02ddsvrha\u02ddtreniranja.<\/span><br \/>\n<\/span><\/li>\n<\/ul>\n<p style=\"text-align: left\"><span style=\"color: #000000;font-family: 'Georgia','serif';font-size: 10pt\"><em><strong>Osnovni kodeks pona\u0161anja za sve \u010dlanove K.K.\u02ddSTENJEVEC\u02dd<\/strong><\/em><\/span><\/p>\n<ul>\n<li><span style=\"color: #000000;font-family: 'Verdana','serif';font-size: 9pt\">Nikada ne zloupotrijebi karate znanje!<\/span><\/li>\n<li><span style=\"color: #000000;font-family: 'Verdana','serif';font-size: 9pt\">Droga, alkohol, cigareta i karate \u2013 NESPOJIVI su!<\/span><\/li>\n<li><span style=\"color: #000000;font-family: 'Verdana','serif';font-size: 9pt\">Vrije\u0111anje, omalova\u017eavanje, psovanje, navike, ako trenirate u na\u0161em klubu zaboravite na njih!<\/span><\/li>\n<li><span style=\"color: #000000;font-family: 'Verdana','serif';font-size: 9pt\"><span style=\"font-size: small\">Strah i hrabrost nisu uro\u0111eni, pametan ih ne ignorira, kod kvalitetnog karatiste odnos hrabrosti i straha vi\u0161estruko je u korist hrabrosti!<\/span><\/span><\/li>\n<\/ul>\n<h3 style=\"text-align: left\"><strong><span style=\"color: #000000\"><span style=\"color: #333333;font-family: 'Georgia','serif';font-size: 10pt\">TRENERI:<\/span><\/span><\/strong><\/h3>\n<p><span style=\"color: #000000\"><a href=\"http:\/\/pubweb.carnet.hr\/kkstenjevec\/wp-content\/uploads\/sites\/396\/2017\/12\/VasicMiroslav.jpg\" target=\"_blank\" rel=\"noopener\"><img loading=\"lazy\" decoding=\"async\" class=\" wp-image-283 size-full alignleft\" src=\"http:\/\/pubweb.carnet.hr\/kkstenjevec\/wp-content\/uploads\/sites\/396\/2014\/12\/Miro.jpg\" alt=\"Miro\" width=\"100\" height=\"130\" srcset=\"https:\/\/kkstenjevec.hr\/wp-content\/uploads\/sites\/396\/2014\/12\/Miro.jpg 100w, https:\/\/kkstenjevec.hr\/wp-content\/uploads\/sites\/396\/2014\/12\/Miro-1x1.jpg 1w\" sizes=\"auto, (max-width: 100px) 100vw, 100px\" \/><\/a>MIROSLAV VASI\u0106<\/span><br \/>\n<span style=\"color: #000000\"> glavni trener, <\/span><span style=\"color: #000000\">crni pojas,\u00a05 dan<\/span><\/p>\n<p>&nbsp;<\/p>\n<p>&nbsp;<\/p>\n<p>&nbsp;<\/p>\n<p><span style=\"color: #000000\">DANIEL PRIMORAC\u00a0\u00a0\u00a0 <a href=\"http:\/\/pubweb.carnet.hr\/kkstenjevec\/wp-content\/uploads\/sites\/396\/2017\/12\/PrimoracDaniel.jpg\" target=\"_blank\" rel=\"noopener\"><img loading=\"lazy\" decoding=\"async\" class=\"alignleft wp-image-281 size-full\" src=\"http:\/\/pubweb.carnet.hr\/kkstenjevec\/wp-content\/uploads\/sites\/396\/2014\/12\/Daniel.jpg\" alt=\"Daniel\" width=\"100\" height=\"125\" srcset=\"https:\/\/kkstenjevec.hr\/wp-content\/uploads\/sites\/396\/2014\/12\/Daniel.jpg 100w, https:\/\/kkstenjevec.hr\/wp-content\/uploads\/sites\/396\/2014\/12\/Daniel-1x1.jpg 1w\" sizes=\"auto, (max-width: 100px) 100vw, 100px\" \/><\/a><\/span><br \/>\n<span style=\"color: #000000\"> trener, crni pojas,\u00a02 dan<\/span><\/p>\n<p>&nbsp;<\/p>\n<p>&nbsp;<\/p>\n<h4><span style=\"color: #ff0000\"><strong><br \/>\n\u201e Klupski majstori\u201c<\/strong><\/span><\/h4>\n<p><span style=\"color: #000000\">VU\u0160AK RATKO\u00a0\u00a0\u00a0\u00a0\u00a0\u00a0\u00a0\u00a0\u00a0\u00a0\u00a0\u00a0\u00a0\u00a0 1 dan<\/span><br \/>\n<span style=\"color: #000000\">VU\u0160AK LUKA\u00a0\u00a0\u00a0\u00a0\u00a0\u00a0\u00a0\u00a0\u00a0\u00a0\u00a0\u00a0\u00a0\u00a0\u00a0\u00a0\u00a0 1 dan<\/span><br \/>\n<span style=\"color: #000000\">BE\u0160LI\u0106 KRITIJAN\u00a0\u00a0\u00a0\u00a0\u00a0\u00a0\u00a0\u00a0\u00a0\u00a0 1 dan<\/span><br \/>\n<span style=\"color: #000000\">GREGANI\u0106 DALIBOR\u00a0\u00a0\u00a0\u00a0 1 dan<\/span><br \/>\n<span style=\"color: #000000\">MAGNABOSCA IVAN\u00a0\u00a0\u00a0\u00a0\u00a0 1 dan<\/span><br \/>\n<span style=\"color: #000000\">JOHA JAN\u00a0\u00a0\u00a0\u00a0\u00a0\u00a0\u00a0\u00a0\u00a0\u00a0\u00a0\u00a0\u00a0\u00a0\u00a0\u00a0\u00a0\u00a0\u00a0\u00a0\u00a0\u00a0 \u00a01 dan<\/span><br \/>\n<span style=\"color: #000000\">PR\u0160LJA LUKA\u00a0\u00a0\u00a0\u00a0\u00a0\u00a0\u00a0\u00a0\u00a0\u00a0\u00a0\u00a0\u00a0\u00a0\u00a0\u00a0 1 dan<\/span><br \/>\n<span style=\"color: #000000\">JOHA VID\u00a0\u00a0\u00a0\u00a0\u00a0\u00a0\u00a0\u00a0\u00a0\u00a0\u00a0\u00a0\u00a0\u00a0\u00a0\u00a0\u00a0\u00a0\u00a0\u00a0\u00a0\u00a0\u00a0\u00a0 1 dan<\/span><br \/>\n<span style=\"color: #000000\">PR\u0160LJA JANA\u00a0\u00a0\u00a0\u00a0\u00a0\u00a0\u00a0\u00a0\u00a0\u00a0\u00a0\u00a0\u00a0\u00a0\u00a0\u00a0\u00a0 1 dan<\/span><br \/>\n<span style=\"color: #000000\">LOZAN\u010cI\u0106 MARKO\u00a0\u00a0\u00a0\u00a0\u00a0\u00a0\u00a0\u00a0 1 dan<\/span><br \/>\n<span style=\"color: #000000\">PR\u017dI\u0106 PETAR\u00a0\u00a0\u00a0\u00a0\u00a0\u00a0\u00a0\u00a0\u00a0\u00a0\u00a0\u00a0\u00a0\u00a0\u00a0\u00a0\u00a0 1 dan<\/span><br \/>\n<span style=\"color: #000000\">JELI\u0106 DOMINIK\u00a0\u00a0\u00a0\u00a0\u00a0\u00a0\u00a0\u00a0\u00a0\u00a0\u00a0\u00a0\u00a0 \u00a01 dan<\/span><br \/>\n<span style=\"color: #000000\">PU\u0160I\u0106 KRISTIAN\u00a0\u00a0\u00a0\u00a0\u00a0\u00a0\u00a0\u00a0\u00a0\u00a0\u00a0\u00a0 1 dan<\/span><br \/>\n<span style=\"color: #000000\">PAVI\u0106 PATRIK\u00a0\u00a0\u00a0\u00a0\u00a0\u00a0\u00a0\u00a0\u00a0\u00a0\u00a0\u00a0\u00a0\u00a0\u00a0\u00a0 1 dan<\/span><br \/>\n<span style=\"color: #000000\">RUKLI\u0106\u00a0 NINO\u00a0 DENIS\u00a0\u00a0\u00a0 1 dan<br \/>\nSLADOJEVI\u0106 SA\u0160A \u00a0\u00a0\u00a0\u00a0\u00a0\u00a0 1 dan<\/span><br \/>\n<span style=\"color: #000000\">PRIMORAC DANIJEL\u00a0\u00a0\u00a0\u00a0\u00a0 2 dan<\/span><br \/>\n<span style=\"color: #000000\">VASI\u0106 MIROSLAV\u00a0\u00a0\u00a0\u00a0\u00a0\u00a0\u00a0\u00a0\u00a0\u00a0 5 dan<\/span><\/p>\n<p>&nbsp;<\/p>\n<p>&nbsp;<\/p>\n","protected":false},"excerpt":{"rendered":"<p>O KLUBU: &nbsp; K.K.STENJEVEC osnovan je 03. travnja 2000 godine u Zagrebu, Samoborska cesta 71a. Klub okuplja \u00a0sve uzraste od cicibana do seniora, treninzi se odvijaju svaki dan osim subote i nedjelje. K.K.STENJEVEC od osnivanja \u010dlan je Zagreba\u010dkog karate saveza, &hellip;<\/p>\n<p class=\"read-more\"> <a class=\"more-link\" href=\"https:\/\/kkstenjevec.hr\/?page_id=47\"> <span class=\"screen-reader-text\">Klub<\/span> Read More &raquo;<\/a><\/p>\n","protected":false},"author":435,"featured_media":0,"parent":0,"menu_order":3,"comment_status":"closed","ping_status":"closed","template":"","meta":{"footnotes":""},"class_list":["post-47","page","type-page","status-publish","hentry"],"_links":{"self":[{"href":"https:\/\/kkstenjevec.hr\/index.php?rest_route=\/wp\/v2\/pages\/47","targetHints":{"allow":["GET"]}}],"collection":[{"href":"https:\/\/kkstenjevec.hr\/index.php?rest_route=\/wp\/v2\/pages"}],"about":[{"href":"https:\/\/kkstenjevec.hr\/index.php?rest_route=\/wp\/v2\/types\/page"}],"author":[{"embeddable":true,"href":"https:\/\/kkstenjevec.hr\/index.php?rest_route=\/wp\/v2\/users\/435"}],"replies":[{"embeddable":true,"href":"https:\/\/kkstenjevec.hr\/index.php?rest_route=%2Fwp%2Fv2%2Fcomments&post=47"}],"version-history":[{"count":3,"href":"https:\/\/kkstenjevec.hr\/index.php?rest_route=\/wp\/v2\/pages\/47\/revisions"}],"predecessor-version":[{"id":3440,"href":"https:\/\/kkstenjevec.hr\/index.php?rest_route=\/wp\/v2\/pages\/47\/revisions\/3440"}],"wp:attachment":[{"href":"https:\/\/kkstenjevec.hr\/index.php?rest_route=%2Fwp%2Fv2%2Fmedia&parent=47"}],"curies":[{"name":"wp","href":"https:\/\/api.w.org\/{rel}","templated":true}]}}